{"id":6993,"date":"2024-02-18T18:27:46","date_gmt":"2024-02-18T18:27:46","guid":{"rendered":"https:\/\/pts.org.pl\/?page_id=6993"},"modified":"2025-12-09T09:37:19","modified_gmt":"2025-12-09T09:37:19","slug":"laureaci-nagrody-im-elzbiety-tarkowskiej","status":"publish","type":"page","link":"https:\/\/pts.org.pl\/en\/nagrody\/laureaci-nagrody-im-elzbiety-tarkowskiej\/","title":{"rendered":"Laureaci nagrody im El\u017cbiety Tarkowskiej"},"content":{"rendered":"<div class=\"fcbkbttn_buttons_block\" id=\"fcbkbttn_left\"><div class=\"fcbkbttn_button\">\n                            <a href=\"https:\/\/www.facebook.com\/\" target=\"_blank\">\n                                <img src=\"https:\/\/pts.org.pl\/wp-content\/plugins\/facebook-button-plugin\/images\/standard-facebook-ico.png\" alt=\"Fb-Button\" \/>\n                            <\/a>\n                        <\/div><div class=\"fcbkbttn_like \"><fb:like href=\"https:\/\/pts.org.pl\/en\/nagrody\/laureaci-nagrody-im-elzbiety-tarkowskiej\/\" action=\"like\" colorscheme=\"light\" layout=\"button_count\"  size=\"small\"><\/fb:like><\/div><\/div>\n<p><strong>IX edycja<\/strong><\/p>\n\n\n\n<p>Nagrod\u0119 za ksi\u0105\u017ck\u0119 w IX edycji Konkursu im. Profesor El\u017cbiety Tarkowskiej otrzyma\u0142y <strong>Agnieszka Golczy\u0144ska-Grondas i Ma\u0142gorzata Potoczna <\/strong>za prac\u0119 <strong>\u201eArchipelagi wielkomiejskiej biedy\u201d <\/strong>opublikowan\u0105 przez Wydawnictwo Uniwersytetu \u0141\u00f3dzkiego w 2024 roku<strong>.<\/strong><\/p>\n\n\n\n<figure class=\"wp-block-image size-large\"><img loading=\"lazy\" width=\"644\" height=\"1024\" src=\"https:\/\/pts.org.pl\/wp-content\/uploads\/2025\/12\/Nagroda-za-ksiazke-644x1024.jpg\" alt=\"\" class=\"wp-image-7863\" srcset=\"https:\/\/pts.org.pl\/wp-content\/uploads\/2025\/12\/Nagroda-za-ksiazke-644x1024.jpg 644w, https:\/\/pts.org.pl\/wp-content\/uploads\/2025\/12\/Nagroda-za-ksiazke-189x300.jpg 189w, https:\/\/pts.org.pl\/wp-content\/uploads\/2025\/12\/Nagroda-za-ksiazke-768x1221.jpg 768w, https:\/\/pts.org.pl\/wp-content\/uploads\/2025\/12\/Nagroda-za-ksiazke-966x1536.jpg 966w, https:\/\/pts.org.pl\/wp-content\/uploads\/2025\/12\/Nagroda-za-ksiazke.jpg 1258w\" sizes=\"(max-width: 644px) 100vw, 644px\" \/><\/figure>\n\n\n\n<p>Nagrod\u0119 za artyku\u0142 naukowy opublikowany pod tytu\u0142em <strong>\u201eBieda \u2013 kulturem lubelski (na materiale gwarowym)\u201d<\/strong> w Rozprawach Komisji J\u0119zykowej w 2023 roku otrzyma\u0142a w IX edycji Konkursu <strong>Ilona Gumowska-Grochot<\/strong>.<\/p>\n\n\n\n<figure class=\"wp-block-image size-large\"><img loading=\"lazy\" width=\"1024\" height=\"574\" src=\"https:\/\/pts.org.pl\/wp-content\/uploads\/2025\/12\/Nagroda-za-artykul-1024x574.jpg\" alt=\"\" class=\"wp-image-7865\" srcset=\"https:\/\/pts.org.pl\/wp-content\/uploads\/2025\/12\/Nagroda-za-artykul-1024x574.jpg 1024w, https:\/\/pts.org.pl\/wp-content\/uploads\/2025\/12\/Nagroda-za-artykul-300x168.jpg 300w, https:\/\/pts.org.pl\/wp-content\/uploads\/2025\/12\/Nagroda-za-artykul-768x430.jpg 768w, https:\/\/pts.org.pl\/wp-content\/uploads\/2025\/12\/Nagroda-za-artykul-1536x861.jpg 1536w, https:\/\/pts.org.pl\/wp-content\/uploads\/2025\/12\/Nagroda-za-artykul.jpg 2000w\" sizes=\"(max-width: 1024px) 100vw, 1024px\" \/><\/figure>\n\n\n\n<p>Dodatkowo Kapitu\u0142a Konkursu przyzna\u0142a wyr\u00f3\u017cnienie, kt\u00f3re otrzymali <strong>S\u0142awomir Kalinowski,<\/strong> <strong>Aleksandra \u0141uczak i Oskar Szczygie\u0142<\/strong> za ksi\u0105\u017ck\u0119 <strong>\u201eUb\u00f3stwo ubogich. Obszary deprywacji potrzeb beneficjent\u00f3w pomocy spo\u0142ecznej\u201d <\/strong>opublikowan\u0105 przez Wydawnictwo Naukowe Scholar w 2024 roku.<\/p>\n\n\n\n<p>Uroczysto\u015b\u0107 wr\u0119czenia nagr\u00f3d odby\u0142a si\u0119 17 pa\u017adziernika 2025 r. w Mi\u0119dzynarodowym Dniu Walki z Ub\u00f3stwem i po raz kolejny w Akademii Pedagogiki Specjalnej im. Marii Grzegorzewskiej. Otwarcia dokona\u0142y Prorektor dr hab. Danuta Uryga, prof. APS&nbsp; oraz&nbsp; Przewodnicz\u0105ca Kapitu\u0142y Konkursu &#8211; Prof. Jolanta Grotowska-Leder. Patronk\u0119 wspomina\u0142 jak zwykle Dr Alek Tarkowski. Po kr\u00f3tkiej sesji popularno-naukowej zosta\u0142y og\u0142oszone laureatki konkursu i wyr\u00f3\u017cnieni w konkursie. Nagrody wr\u0119czy\u0142 Wiceprzewodnicz\u0105cy Zarz\u0105du G\u0142\u00f3wnego Polskiego Towarzystwa Socjologicznego \u2013 Dr hab. Miko\u0142aj Pawlak, prof. UW.<\/p>\n\n\n\n<p>Pe\u0142niejsza informacja z fotorelacj\u0105 z wr\u0119czenia nagrody na stronie APS: <a href=\"https:\/\/www.aps.edu.pl\/aktualnosci\/ix-edycji-konkursu-im-profesor-elzbiety-tarkowskiej-wyniki\/\">https:\/\/www.aps.edu.pl\/aktualnosci\/ix-edycji-konkursu-im-profesor-elzbiety-tarkowskiej-wyniki\/<\/a><\/p>\n\n\n\n<p><strong>VIII edycja<\/strong> <\/p>\n\n\n\n<p>Kapitu\u0142a VIII Edycji Konkursu o nagrod\u0119 im. prof. El\u017cbiety Tarkowskiej w sk\u0142adzie: prof. dr hab. Jolanta Grotowska-Leder \u2013 przewodnicz\u0105ca Kapitu\u0142y, przedstawicielka Polskiego Towarzystwa Socjologicznego, oraz cz\u0142onkowie: dr hab. Danuta Duch-Krzystoszek, prof. APS \u2013 przedstawicielka Instytutu Filozofii i Socjologii Akademii Pedagogiki Specjalnej im. Marii Grzegorzewskiej w Warszawie, dr hab. Barbara Pasamonik, prof. APS \u2013 przedstawicielka Zespo\u0142u redakcyjnego kwartalnika \u201eKultura i Spo\u0142ecze\u0144stwo\u201d, dr hab. Agnieszka Golczy\u0144ska-Grondas, prof. U\u0141 \u2013 przedstawicielka Instytutu Socjologii Uniwersytetu \u0141\u00f3dzkiego oraz dr Alek Tarkowski na posiedzeniu w dniu 7 pa\u017adziernika 2024 roku oceni\u0142a nades\u0142ane prace i dokona\u0142a wyboru nagrody. Z uwagi na wysoki poziom prac nades\u0142anych do VIII edycji Konkursu Kapitu\u0142a tej edycji przyzna\u0142a dodatkowe dwa wyr\u00f3\u017cnienia.<\/p>\n\n\n\n<p>Przewodnicz\u0105ca Polskiego Towarzystwa Socjologicznego \u2013 Prof. Miros\u0142awa Grabowska wr\u0119czy\u0142a nagrody Wyr\u00f3\u017cnionym oraz z\u0142o\u017cy\u0142a gratulacje Laureatce, kt\u00f3ra po\u0142\u0105czy\u0142a si\u0119 zdalnie z uczestniczkami i uczestnikami Wydarzenia.<\/p>\n\n\n\n<p>Nagrod\u0119 za&nbsp;<em>wyr\u00f3\u017cniaj\u0105c\u0105 si\u0119 autorsk\u0105 prac\u0119 naukow\u0105 z zakresu nauk spo\u0142ecznych o problemach ub\u00f3stwa i wynikaj\u0105cego z niego wykluczenia<\/em>&nbsp;otrzyma\u0142a<\/p>\n\n\n\n<ul><li>Magdalena Chu\u0142ek za ksi\u0105\u017ck\u0119 pt.&nbsp;<em>Jak wytwarzany jest slums? Studium przypadku mieszka\u0144c\u00f3w Kibery i Korogocho w Nairobi<\/em>, opublikowan\u0105 w 2023 w Toruniu przez Fundacj\u0119 na rzecz Nauki Polskiej.<\/li><\/ul>\n\n\n\n<p>Ksi\u0105\u017cka \u201eJak wytwarzany jest slums? Studium przypadku mieszka\u0144c\u00f3w Kibery i Korogocho w Nairobi\u201d \u2013 to nowe spojrzenie na procesy, zjawiska, problemy spo\u0142eczne le\u017c\u0105ce u podstaw powstawania \u201eneihbourhoods of relegation\u201d, ich rozwoju i funkcjonowania. Ksi\u0105\u017cka jest rezultatem pog\u0142\u0119bionych d\u0142ugotrwa\u0142ych bada\u0144 terenowych w Kenii realizowanych metod\u0105 obserwacji uczestnicz\u0105cej. Jest to propozycja antropologicznego uj\u0119cia fenomenu slums\u00f3w \u0142\u0105cz\u0105ca teori\u0119 z praktyk\u0105 etnograficzn\u0105. To przyj\u0119cie perspektywy rozumiej\u0105cej i wsp\u00f3\u0142czuj\u0105cej, to g\u0142\u0119bokie \u201ezanurzenie si\u0119\u201d w analizowany \u015bwiat, przepracowanie stereotyp\u00f3w i mit\u00f3w dotycz\u0105cych slums\u00f3w oraz ukazanie zar\u00f3wno specyficznych cech slums\u00f3w afryka\u0144skich, jak i uniwersalnych do\u015bwiadcze\u0144 \u017cycia w ub\u00f3stwie skoncentrowanym. Interesuj\u0105ce s\u0105 rozwa\u017cania autorki o charakterze etycznym, tak\u017ce w\u0105tek demaskatorski wobec dzia\u0142a\u0144 podejmowanych przez wielkie organizacje \u015bwiadcz\u0105ce pomoc. Reasumuj\u0105c, ksi\u0105\u017cka stanowi nowatorskie opracowanie obja\u015bniaj\u0105ce dog\u0142\u0119bnie z\u0142o\u017con\u0105 rzeczywisto\u015b\u0107 slumsu oraz destygmatyzuje, przynajmniej w cz\u0119\u015bci, jego mieszka\u0144c\u00f3w.<\/p>\n\n\n\n<p>Wyr\u00f3\u017cnienia otrzymali:<\/p>\n\n\n\n<ul><li>Damian Szymczak za monografi\u0119 pt.&nbsp;<em>Rozw\u00f3j i upadek PGR-\u00f3w w \u015bwietle koncepcji Amartyi Kumara Sena. Przyk\u0142ad wojew\u00f3dztwa zachodniopomorskiego<\/em>, wydan\u0105 w 2023 r. przez Wydawnictwo Naukowe Scholar.<\/li><\/ul>\n\n\n\n<p>W monografii Autor przypomina o zapomnianych ju\u017c aspektach pocz\u0105tk\u00f3w polskiej transformacji. Przedstawia losy Pa\u0144stwowych Gospodarstw Rolnych, kt\u00f3rych pracownicy stali si\u0119 jednymi z przegranych wielkich przemian spo\u0142eczno-gospodarczych lat 90. XX w. Prekursork\u0105 bada\u0144 tej zbiorowo\u015bci by\u0142a Profesor El\u017cbieta Tarkowska. Perspektywa, z jakiej Autor przygl\u0105da si\u0119 historii PGR-\u00f3w jest wielowymiarowa \u2013 opisy i analizy osadzone s\u0105 w ustaleniach ekonomii, socjologii, polityki spo\u0142ecznej i historii. Ramy analiz stanowi oryginalna perspektywa teoretyczna \u2013 holistyczna teoria zdolno\u015bci laureata Nagrody Nobla z 1994r Amartyi Kumara Sena. Zastosowana teoria stawiaj\u0105ca w centrum zainteresowania zwyk\u0142ych ludzi i uwra\u017cliwiaj\u0105ca na los drugiego cz\u0142owieka, pozwoli\u0142a Autorowi \u015bledzi\u0107 przekszta\u0142cenia PGR-\u00f3w ukazuj\u0105c z\u0142o\u017cone losy ich pracownik\u00f3w i ich rodzin. Walorem opracowania jest tak\u017ce popularyzacja teorii Amartyi Kumara Sena i bogata kwerenda interdyscyplinarnych prac dotycz\u0105cych problematyki PGR-\u00f3w.<\/p>\n\n\n\n<ul><li>Adam Ploszka za artyku\u0142 naukowy pt.&nbsp;<em>Status spo\u0142eczno-ekonomiczny jednostki jako niedopuszczalne kryterium r\u00f3\u017cnicowania sytuacji prawnej jednostki<\/em>, opublikowany w 2023 r w czasopi\u015bmie Pa\u0144stwo i Prawo nr 2.<\/li><\/ul>\n\n\n\n<p>W wyr\u00f3\u017cnionym artykule Adam Ploszka podejmuje niezwykle wa\u017cn\u0105, a niedostatecznie badawczo rozpoznan\u0105 i problematyzowan\u0105, kwesti\u0119 ochrony prawnej jednostki do\u015bwiadczaj\u0105cej dyskryminacji ze wzgl\u0119du na status spo\u0142eczno-ekonomiczny w polskim porz\u0105dku prawnym. Rozwa\u017cania Autora s\u0105 nowatorskie nie traktuj\u0105 bowiem o &nbsp;gwarantowanych konstytucyjnie prawach socjalnych i&nbsp;ekonomicznych, stanowi\u0105cych zabezpieczenie praw i&nbsp;wolno\u015bci os\u00f3b ubogich i wykluczonych, lecz dotycz\u0105 gwarancji ich praw i&nbsp;wolno\u015bci osobistych w sytuacji ich dyskryminacji tych grup ze wzgl\u0119du na ich status spo\u0142eczno-ekonomiczny. Autor analizuj\u0105c interpretacje Trybuna\u0142u Konstytucyjnego odnosz\u0105ce si\u0119 do klauzuli o niedyskryminacji w Konstytucji RP oraz ustawowe regulacje zakazu dyskryminacji w prawie polskim dowodzi, \u017ce status spo\u0142eczno-ekonomiczny jednostki powinien by\u0107, a nie jest dostatecznie uznany za niedopuszczaln\u0105 podstaw\u0119 dyskryminacji w polskim systemie prawnym.<\/p>\n\n\n\n<p>Polecamy uwadze fotorelacj\u0119 z Uroczysto\u015bci:&nbsp;<a href=\"https:\/\/galeria.aps.edu.pl\/index.php?\/category\/583\">https:\/\/galeria.aps.edu.pl\/index.php?\/category\/583<\/a><\/p>\n\n\n\n<p><\/p>\n\n\n\n<p><strong>VII edycja<\/strong><\/p>\n\n\n\n<p>Nagrod\u0119 w VII edycji Konkursu im. Profesor El\u017cbiety Tarkowskiej otrzyma\u0142a Agnieszka Witkowska-Krych za ksi\u0105\u017ck\u0119 pt. \u201eDziecko wobec zag\u0142ady. Instytucjonalna opieka nad sierotami w Getcie Warszawskim\u201d. Prac\u0119 wyda\u0142 w 2022 roku w \u017bydowski Instytut Historyczny. W konkursie nagradzane s\u0105 prace naukowe z zakresu nauk spo\u0142ecznych o problemach ub\u00f3stwa i wynikaj\u0105cego z niego wykluczenia spo\u0142ecznego. W uzasadnieniu tegorocznej nagrody zwr\u00f3cono uwag\u0119, \u017ce \u201eAutorka w oparciu o unikalne \u017ar\u00f3d\u0142a historyczne opisuje dzia\u0142alno\u015b\u0107 pomocow\u0105 w sytuacjach granicznych, pokazuje, jak dzia\u0142anie systemu opieki nad dzie\u0107mi oraz dzia\u0142ania bardziej spontaniczne normalizowa\u0142y sytuacje graniczne, tworzy\u0142y warunki umo\u017cliwiaj\u0105ce codzienne \u017cycie dzieci w getcie.\u201d <\/p>\n\n\n\n<p>Pe\u0142niejsza informacja na stronie APS&nbsp;<a rel=\"noreferrer noopener\" href=\"http:\/\/www.aps.edu.pl\/aktualnosci\/wreczenie-nagrody-im-prof-e-tarkowskiej\/\" target=\"_blank\">http:\/\/www.aps.edu.pl\/aktualnosci\/wreczenie-nagrody-im-prof-e-tarkowskiej\/<\/a><\/p>\n\n\n\n<figure class=\"wp-block-gallery columns-1 is-cropped\"><ul class=\"blocks-gallery-grid\"><li class=\"blocks-gallery-item\"><figure><img loading=\"lazy\" width=\"870\" height=\"731\" src=\"https:\/\/pts.org.pl\/wp-content\/uploads\/2023\/10\/Wreczenie.png\" alt=\"\" data-id=\"6839\" data-full-url=\"https:\/\/pts.org.pl\/wp-content\/uploads\/2023\/10\/Wreczenie.png\" data-link=\"https:\/\/pts.org.pl\/nagrode-w-vii-edycji-konkursu-im-profesor-elzbiety-tarkowskiej-otrzymala-agnieszka-witkowska-krych\/wreczenie-2\/\" class=\"wp-image-6839\" srcset=\"https:\/\/pts.org.pl\/wp-content\/uploads\/2023\/10\/Wreczenie.png 870w, https:\/\/pts.org.pl\/wp-content\/uploads\/2023\/10\/Wreczenie-300x252.png 300w, https:\/\/pts.org.pl\/wp-content\/uploads\/2023\/10\/Wreczenie-768x645.png 768w\" sizes=\"(max-width: 870px) 100vw, 870px\" \/><\/figure><\/li><\/ul><\/figure>\n\n\n\n<p><strong>VI edycja<\/strong><\/p>\n\n\n\n<p>Laureatk\u0105 VI Edycji Konkursu o nagrod\u0119 im. prof. El\u017cbiety Tarkowskiej zosta\u0142a&nbsp;<strong>dr hab. Beata Szluz&nbsp;za ksi\u0105\u017ck\u0119 pt.&nbsp;\u201ePrzez zamkni\u0119te okno ganku\u201d Opieka nad osob\u0105 z chorob\u0105 Alzheimera w biografiach opiekun\u00f3w rodzinnych&#8221;<\/strong>, opublikowan\u0105 w Wydawnictwie Uniwersytetu Rzeszowskiego w 2021 roku. <\/p>\n\n\n\n<p>W uzasadnieniu Kapitu\u0142y, kt\u00f3ra przyzna\u0142a nagrod\u0119 czytamy: &#8220;Warto\u015bci\u0105 podstawow\u0105 nagrodzonej monografii jest rzetelny opis rzeczywisto\u015bci spo\u0142ecznej opiekun\u00f3w tej kategorii os\u00f3b zale\u017cnych. Na kartach ksi\u0105\u017cki czytelnik znajduje kompletny \u2013 dotycz\u0105cy regulacji prawnych, dost\u0119pnych rozwi\u0105za\u0144 systemowych, relacji z chorymi, z innymi cz\u0142onkami rodziny i z instytucjami pomocowymi &#8211;&nbsp;obraz rzeczywisto\u015bci spo\u0142ecznej os\u00f3b pe\u0142ni\u0105cych rol\u0119 opiekuna rodzinnego osoby z chorob\u0105 Alzheimera (&#8230;)&nbsp;Autorka dokumentuje ich subiektywne definicje sytuacji, dokonywane wybory i podejmowane dzia\u0142ania, kt\u00f3re waloryzuj\u0105, dynamizuj\u0105 i okre\u015blaj\u0105 ich wszystkie sfery \u017cycia. Do interesuj\u0105cych wynik\u00f3w podj\u0119tych analiz nale\u017cy teza, wedle kt\u00f3rej z \u2018karier\u0105\u2019 opiekuna osoby chorej na Alzheimera trudno jest si\u0119 rozsta\u0107 tak\u017ce i wtedy, gdy dalsza jej realizacja przestaje by\u0107 potrzebna&#8221;.<\/p>\n\n\n\n<figure class=\"wp-block-gallery columns-1 is-cropped\"><ul class=\"blocks-gallery-grid\"><li class=\"blocks-gallery-item\"><figure><img loading=\"lazy\" width=\"1024\" height=\"683\" src=\"https:\/\/pts.org.pl\/wp-content\/uploads\/2022\/10\/Wreczenie-1024x683.jpg\" alt=\"\" data-id=\"6229\" data-full-url=\"https:\/\/pts.org.pl\/wp-content\/uploads\/2022\/10\/Wreczenie.jpg\" data-link=\"https:\/\/pts.org.pl\/wyniki-vi-edycji-konkursu-o-nagrode-im-prof-elzbiety-tarkowskiej\/wreczenie\/\" class=\"wp-image-6229\" srcset=\"https:\/\/pts.org.pl\/wp-content\/uploads\/2022\/10\/Wreczenie-1024x683.jpg 1024w, https:\/\/pts.org.pl\/wp-content\/uploads\/2022\/10\/Wreczenie-300x200.jpg 300w, https:\/\/pts.org.pl\/wp-content\/uploads\/2022\/10\/Wreczenie-768x512.jpg 768w, https:\/\/pts.org.pl\/wp-content\/uploads\/2022\/10\/Wreczenie.jpg 1200w\" sizes=\"(max-width: 1024px) 100vw, 1024px\" \/><\/figure><\/li><\/ul><\/figure>\n\n\n\n<p><strong>V edycja<\/strong><\/p>\n\n\n\n<p>Nagrod\u0119 im. prof. El\u017cbiety Tarkowskiej w V edycji konkursu otrzyma\u0142a Ilona Berezowska za artyku\u0142 \u201eDoba na ulicy\u201d w Magazynie Integracja nr 1 (165) z 2021 r. opublikowany 18 lutego 2021 r. r\u00f3wnie\u017c przez portal Niepe\u0142nosprawni.pl pod tytu\u0142em <a href=\"http:\/\/www.niepelnosprawni.pl\/ledge\/x\/1716846\">\u201eJak wygl\u0105da zim\u0105 doba na ulicy?\u201d<\/a> To nagroda za materia\u0142 prasowy\/medialny dotycz\u0105cy problematyki przezwyci\u0119\u017cania ub\u00f3stwa i wykluczenia spo\u0142ecznego. W uzasadnieniu Kapitu\u0142y Konkursu podkre\u015blono, \u017ce autorka wykorzystuj\u0105c oszcz\u0119dne \u015brodki wyrazu ukaza\u0142a istot\u0119 problemu zbiorowo\u015bci bezdomnych z pieczo\u0142owito\u015bci\u0105 oddaj\u0105c spo\u0142eczny i emocjonalny kontekst towarzysz\u0105cy organizowaniu przez nich trudnej codzienno\u015bci. W opisach \u017cycia bohater\u00f3w reporta\u017cu nawi\u0105za\u0142a przy tym wprost do koncepcji \u201ewsp\u00f3\u0142czynnika humanistycznego\u201d z ksi\u0105\u017cki Patronki konkursu \u201eZrozumie\u0107 biednego\u201d.<\/p>\n\n\n\n<p>Wyr\u00f3\u017cnienie otrzyma\u0142 Dariusz Faron za reporta\u017c pt. <a href=\"https:\/\/wiadomosci.wp.pl\/jeszcze-bedzie-lepiej-corciu-6646261520808576a\">\u201eJeszcze b\u0119dzie lepiej, c\u00f3rciu!\u201d<\/a>, kt\u00f3ry ukaza\u0142 si\u0119 w Magazynie Wirtualna Polska w wydaniu z&nbsp; 3 czerwca 2021 r. Poruszaj\u0105co &nbsp;zosta\u0142y w nim ukazane problemy \u017cycia rodziny z diagnoz\u0105 zespo\u0142u Downa c\u00f3rki i chorob\u0105 syna oraz bezradno\u015b\u0107 instytucji lokalnych wobec jej problem\u00f3w, a jednocze\u015bnie optymizm zwi\u0105zany z mobilizacj\u0105 spo\u0142eczno\u015bci lokalnej do niesienia pomocy.<\/p>\n\n\n\n<p>W kategorii prac naukowych w tej edycji nagroda nie zosta\u0142a przyznana.<\/p>\n\n\n\n<p><strong>IV edycja<\/strong><\/p>\n\n\n\n<p>Decyzj\u0105 Kapitu\u0142y Konkursu laureatami nagr\u00f3d w tegorocznej edycji Konkursu zostali:<\/p>\n\n\n\n<ul><li>W&nbsp; kategorii praca naukowa&nbsp;\u2013&nbsp;dr Kamil Pietrowiak&nbsp;za ksi\u0105\u017ck\u0119 pt.&nbsp;\u201e\u015awiat po omacku. Etnograficzne studium nie-widzenia i nie-sprawno\u015bci\u201d,&nbsp;opublikowan\u0105 przez Wydawnictwo UMK w Toruniu w 2019 r.<\/li><\/ul>\n\n\n\n<p>Nagrodzona praca odznacza si\u0119 wysokim poziomem merytorycznym, oryginalno\u015bci\u0105 uj\u0119cia przedmiotu bada\u0144, i walorami aplikacyjnymi. Zawiera ca\u0142o\u015bciowy, z\u0142o\u017cony i zr\u00f3\u017cnicowany obraz \u017cycia niepe\u0142nosprawnych niewidomych. Ma charakter interdyscyplinarny, analizy w niej zawarte wykorzystuj\u0105 dokonania badaczy zjawiska z kr\u0119gu <em>disability studies<\/em>, antropolog\u00f3w, socjolog\u00f3w i&nbsp;filozof\u00f3w. W badaniach stanowi\u0105cych jej podstaw\u0119 zastosowano podej\u015bcie etnograficzne <em>collaborative ethnography.<\/em> Nagrodzona praca ma tak\u017ce walory aplikacyjne. Prezentowane w niej wyniki bada\u0144 powinny by\u0107 wykorzystane przez przedstawicieli instytucji i organizacji zwi\u0105zanych z&nbsp;edukacj\u0105 i rehabilitacj\u0105 os\u00f3b niewidomych, w tym przede wszystkim wychowawc\u00f3w w&nbsp;o\u015brodkach specjalnych, asystent\u00f3w zawodowych oraz instruktor\u00f3w orientacji przestrzennej.<\/p>\n\n\n\n<ul><li>W kategorii&nbsp;materia\u0142 medialny&nbsp;&#8211;&nbsp;Micha\u0142 Szcz\u0119ch&nbsp;za artyku\u0142 prasowy pt.&nbsp;\u201eZa murem\u201d, po\u015bwi\u0119cony sytuacji Ukrai\u0144c\u00f3w pracuj\u0105cych w Polsce, kt\u00f3ry ukaza\u0142 si\u0119 w Magazynie opinii \u201ePismo\u201d nr 3(27) 2020.<\/li><\/ul>\n\n\n\n<p>Nagrodzony reporta\u017c podejmuje temat spo\u0142ecznie ma\u0142o jeszcze rozpoznany. Autor po\u0142\u0105czy\u0142 w refleksji stygmat \u201eobcego\u201d i biedy, kt\u00f3re sprzyjaj\u0105 przedmiotowemu traktowaniu cz\u0142owieka&nbsp;w relacjach spo\u0142ecznych i przedstawi\u0142 niezwykle rzetelny opis ludzi i problem\u00f3w z jakimi zmagaj\u0105 si\u0119 zatrudnieni w Polsce pracownicy z Ukrainy, wskaza\u0142 na czynniki systemowe i ludzkie oddaj\u0105c spo\u0142eczny i emocjonalny kontekst towarzysz\u0105cy opisywanym sytuacjom ich pracy i \u017cycia. Reporta\u017c wyr\u00f3\u017cnia si\u0119 kunsztem warsztatu redakcyjnego i edycyjnego.<\/p>\n\n\n\n<p><strong>III edycja<\/strong><\/p>\n\n\n\n<p>Nagrody przyznane przez Kapitu\u0142\u0119 Konkursu pod przewodnictwem przedstawicielki PTS Kol. Jolanty Grotowskiej-Leder \u2013otrzyma\u0142y:<\/p>\n\n\n\n<p><strong>Ma\u0142gorzata Kostrzy\u0144ska za monografi\u0119 Stowarzyszanie si\u0119 \u201ewykluczonych\u201d. Przyk\u0142ad bezdomno\u015bci, wydan\u0105 w Wydawnictwie Uniwersytetu \u0141\u00f3dzkiego, \u0141\u00f3d\u017a 2018 <\/strong>\u2013 w kategorii: autorska (wsp\u00f3\u0142autorska) praca naukowa z zakresu nauk spo\u0142ecznych o problemach ub\u00f3stwa i wykluczenia spo\u0142ecznego.<\/p>\n\n\n\n<p>Nagroda w tej kategorii zosta\u0142a sfinansowana przez PTS, APS IFiS, ISP PAN oraz przez dr. Alka Tarkowskiego. Wr\u0119czy\u0142a j\u0105 reprezentuj\u0105ca Zarz\u0105d G\u0142\u00f3wny PTS Kol. Iwona Zieli\u0144ska. Z jej r\u0105k dyplomy otrzymali r\u00f3wnie\u017c wsp\u00f3\u0142autorzy pracy zbiorowej pod red. Paw\u0142a Po\u0142awskiego pt. \u201eWarunkowo\u015b\u0107 i kontraktualizm w pomocy spo\u0142ecznej\u201d, wydanej w IPISS, Warszawa 2018 r., kt\u00f3rej przyznano wyr\u00f3\u017cnienie pozaregulaminowe.<\/p>\n\n\n\n<p><strong>Ewa Wo\u0142kanowska-Ko\u0142odziej za cykl trzech artyku\u0142\u00f3w prasowych: \u201eNiewidzialne\u201d, &#8220;To co nie \u017cal umiera\u0107?&#8221; oraz \u201cG\u0142uche dzieci: Polsko, us\u0142ysz nas\u201d, kt\u00f3re zosta\u0142y opublikowane na \u0142amach dodatku do Gazety Wyborczej \u201eDu\u017cy Format\u201d w okresie od 28 stycznia 2019 r. do 10 czerwca 2019 r. <\/strong>\u2013 w kategorii: autorski (wsp\u00f3\u0142autorski) materia\u0142 prasowy\/medialny dotycz\u0105cy problematyki przezwyci\u0119\u017cenia ub\u00f3stwa i wykluczenia spo\u0142ecznego. Trzeba zaznaczy\u0107, \u017ce <a href=\"http:\/\/pts.org.pl\/rozstrzygniecie-2-edycji-konkursu-o-nagrode-im-profesor-elzbiety-tarkowskiej\/\">Ewa Wo\u0142kanowska-Ko\u0142odziej zdoby\u0142a nagrod\u0119 w tej samej kategorii tak\u017ce w poprzedniej edycji Konkursu<\/a>, a w tym roku Kapitu\u0142a wyr\u00f3\u017cni\u0142a dodatkowo autork\u0119 reporta\u017cu radiowego pt.:\u201e0 17 lat wi\u0119cej\u201d wyemitowanego w programie internetowym i cyfrowym DAB + \u201dCzw\u00f3rka\u201d Dominik\u0119 Klimek.<\/p>\n\n\n\n<p><strong>II edycja<\/strong><\/p>\n\n\n\n<p>Nagrody przyznane przez Kapitu\u0142\u0119 Konkursu otrzyma\u0142y:<\/p>\n\n\n\n<p>Mariola Rac\u0142aw za prac\u0119 naukow\u0105: \u201eZinstrumentalizowane rodzicielstwo Rodziny zast\u0119pcze \u2013 mi\u0119dzy us\u0142ug\u0105 a odruchem serca. Perspektywa socjologiczna\u201d (AKAPIT Wydawnictwo Edukacyjne, Toru\u0144 2017) &#8211; w kategorii: autorska (wsp\u00f3\u0142autorska) praca naukowa z zakresu nauk spo\u0142ecznych o problemach ub\u00f3stwa i wykluczenia spo\u0142ecznego (nagrod\u0119 w tej kategorii wr\u0119czy\u0142 wiceprzewodnicz\u0105cy Zarz\u0105du G\u0142\u00f3wnego PTS Kol. Miko\u0142aj Pawlak),<\/p>\n\n\n\n<p>Ewa Wo\u0142kanowska-Ko\u0142odziej za reporta\u017c prasowy \u201eWi\u0119\u017aniowie czwartego pi\u0119tra\u201d (Pismo. Magazyn Opinii &#8211; stycze\u0144 2018 r.) &#8211; w kategorii: autorski (wsp\u00f3\u0142autorski) materia\u0142 prasowy\/medialny dotycz\u0105cy problematyki przezwyci\u0119\u017cenia ub\u00f3stwa i wykluczenia spo\u0142ecznego.<\/p>\n\n\n\n<p>Gratulujemy obu laureatkom.<\/p>\n\n\n\n<p>Konkurs w kategorii prasowo-medialnej cieszy\u0142 si\u0119 du\u017co wi\u0119ksz\u0105 popularno\u015bci\u0105 ni\u017c poprzednio. Wp\u0142yn\u0119\u0142o 47 zg\u0142osze\u0144, spo\u015br\u00f3d kt\u00f3rych 35 spe\u0142nia\u0142o kryteria formalne i poniewa\u017c liczba prac by\u0142a wi\u0119ksza ni\u017c 10 Kapitu\u0142a zdecydowa\u0142a o podj\u0119ciu prac w trybie dwustopniowym. Najpierw ka\u017cdy cz\u0142onek Kapitu\u0142y po indywidualnym zapoznaniu si\u0119 ze zg\u0142oszonymi pracami wskaza\u0142 cztery, kt\u00f3re uwa\u017ca\u0142 za najlepsze w kategorii autorski (wsp\u00f3\u0142autorski) materia\u0142 prasowy\/medialny (bez ich rangowania). Swoje wskazania cz\u0142onkowie Kapitu\u0142y przes\u0142ali poczt\u0105 elektroniczn\u0105 przewodnicz\u0105cej Kapitu\u0142y. Do drugiego etapu przesz\u0142y wszystkie prace wskazane przynajmniej przez dw\u00f3ch cz\u0142onk\u00f3w Kapitu\u0142y. &nbsp;Takich prac by\u0142o siedem (w kolejno\u015bci otrzymania):<\/p>\n\n\n\n<ul><li>Jakuba Paducha &#8211; materia\u0142 radiowy \u201eSamarytanka\u201d, Radio ESKA<\/li><li>Alicji Pal\u0119ckiej &#8211; materia\u0142 prasowy \u201eRewitalizacja w interesie prywatnym\u201d, Nowe Peryferie (czasopismo internetowe)<\/li><li>Ewy Wo\u0142kanowskiej-Ko\u0142odziej &#8211; materia\u0142 prasowy \u201eWi\u0119\u017aniowie czwartego pi\u0119tra\u201d, Pismo. Magazyn Opinii<\/li><li>Anny Paw\u0142owskiej-Kra\u0107 &#8211; materia\u0142 prasowy&nbsp; \u201eG\u0142odny i z\u0142y\u201d, Du\u017cy Format Gazeta Wyborcza<\/li><li>Agaty Grabowskiej &#8211; materia\u0142 prasowy \u201eHalo, kt\u00f3ra godzina?\u201d, Du\u017cy Format Gazeta Wyborcza<\/li><li>Paw\u0142a Malinowskiego &#8211; cykl 10 materia\u0142\u00f3w radiowych \u201eBezdomni w Polsce\u201d, Polskie Radio S.A. Czw\u00f3rka<\/li><li>Dominiki Klimek &#8211; materia\u0142 radiowy \u201eBezdomny to Ty\u201d, Polskie Radio S.A. Czw\u00f3rka<\/li><\/ul>\n\n\n\n<p>W drugim etapie cz\u0142onkowie Kapitu\u0142y spotkali si\u0119 i dokonali wsp\u00f3lnie wyboru pracy nagrodzonej. W kategorii prac naukowych spotkanie nie wymaga\u0142o trybu dwustopniowego, poniewa\u017c liczba prac nie przekracza\u0142a 10 (wp\u0142yn\u0119\u0142o ich 4).<\/p>\n\n\n\n<p><strong>I edycja<\/strong><\/p>\n\n\n\n<p>W kategorii: \u201ewyr\u00f3\u017cniaj\u0105ca si\u0119 autorska (wsp\u00f3\u0142autorska) praca naukowa z zakresu nauk spo\u0142ecznych o problemach ub\u00f3stwa i wynikaj\u0105cego z niego wykluczenia spo\u0142ecznego\u201d zosta\u0142a przyznana<\/p>\n\n\n\n<p><strong>dr Paulinie Bunio-Mroczek za monografi\u0119&nbsp;<em>Wczesne rodzicielstwo \u2013 zagro\u017cenie czy szansa? Nastoletni rodzice z \u0142\u00f3dzkich enklaw biedy,&nbsp;<\/em>Wydawnictwo Uniwersytetu \u0141\u00f3dzkiego, \u0141\u00f3d\u017a 2016.<\/strong><\/p>\n\n\n\n<p>Nagroda zosta\u0142a ufundowana przez Polskie Towarzystwo Socjologiczne, Akademi\u0119 Pedagogiki Specjalnej im. Marii Grzegorzewskiej w Warszawie, Instytut Studi\u00f3w Politycznych PAN \u2013 wydawc\u0119&nbsp; kwartalnika \u201eKultura i Spo\u0142ecze\u0144stwo\u201d oraz Aleksandra Tarkowskiego.<\/p>\n\n\n\n<p>W kategorii: \u201ewyr\u00f3\u017cniaj\u0105cy si\u0119 autorski (wsp\u00f3\u0142autorski) materia\u0142 prasowy\/medialny dotycz\u0105cy problematyki przezwyci\u0119\u017cania ub\u00f3stwa i wykluczenia spo\u0142ecznego\u201d Nagroda im. prof. El\u017cbiety Tarkowskiej zosta\u0142a przyznana<\/p>\n\n\n\n<p><strong>Markowi Ch\u0105dzy\u0144skiemu i Jakubowi Kapiszewskiemu za artyku\u0142&nbsp;<em>Zaczyna si\u0119 od wstydu<\/em> opublikowany na \u0142amach&nbsp;<em>Dziennika Gazeta Prawna<\/em>&nbsp;z 14-16 lipca 2017 roku<\/strong>.<\/p>\n","protected":false},"excerpt":{"rendered":"<p>IX edycja Nagrod\u0119 za ksi\u0105\u017ck\u0119 w IX edycji Konkursu im. Profesor El\u017cbiety Tarkowskiej otrzyma\u0142y Agnieszka Golczy\u0144ska-Grondas i Ma\u0142gorzata Potoczna za prac\u0119 \u201eArchipelagi wielkomiejskiej biedy\u201d opublikowan\u0105 przez Wydawnictwo Uniwersytetu \u0141\u00f3dzkiego w 2024 roku. Nagrod\u0119 za artyku\u0142 naukowy opublikowany pod tytu\u0142em \u201eBieda \u2013 kulturem lubelski (na materiale gwarowym)\u201d w Rozprawach Komisji J\u0119zykowej w 2023 roku otrzyma\u0142a w [&hellip;]<\/p>\n","protected":false},"author":111265,"featured_media":0,"parent":462,"menu_order":0,"comment_status":"closed","ping_status":"closed","template":"","meta":[],"_links":{"self":[{"href":"https:\/\/pts.org.pl\/en\/wp-json\/wp\/v2\/pages\/6993"}],"collection":[{"href":"https:\/\/pts.org.pl\/en\/wp-json\/wp\/v2\/pages"}],"about":[{"href":"https:\/\/pts.org.pl\/en\/wp-json\/wp\/v2\/types\/page"}],"author":[{"embeddable":true,"href":"https:\/\/pts.org.pl\/en\/wp-json\/wp\/v2\/users\/111265"}],"replies":[{"embeddable":true,"href":"https:\/\/pts.org.pl\/en\/wp-json\/wp\/v2\/comments?post=6993"}],"version-history":[{"count":10,"href":"https:\/\/pts.org.pl\/en\/wp-json\/wp\/v2\/pages\/6993\/revisions"}],"predecessor-version":[{"id":7866,"href":"https:\/\/pts.org.pl\/en\/wp-json\/wp\/v2\/pages\/6993\/revisions\/7866"}],"up":[{"embeddable":true,"href":"https:\/\/pts.org.pl\/en\/wp-json\/wp\/v2\/pages\/462"}],"wp:attachment":[{"href":"https:\/\/pts.org.pl\/en\/wp-json\/wp\/v2\/media?parent=6993"}],"curies":[{"name":"wp","href":"https:\/\/api.w.org\/{rel}","templated":true}]}}