{"id":6986,"date":"2024-02-18T18:23:00","date_gmt":"2024-02-18T18:23:00","guid":{"rendered":"https:\/\/pts.org.pl\/?page_id=6986"},"modified":"2025-09-30T10:39:10","modified_gmt":"2025-09-30T10:39:10","slug":"laureaci-nagrody-im-zygmunta-baumana","status":"publish","type":"page","link":"https:\/\/pts.org.pl\/en\/nagrody\/laureaci-nagrody-im-zygmunta-baumana\/","title":{"rendered":"Laureaci nagrody im Zygmunta Baumana"},"content":{"rendered":"<div class=\"fcbkbttn_buttons_block\" id=\"fcbkbttn_left\"><div class=\"fcbkbttn_button\">\n                            <a href=\"https:\/\/www.facebook.com\/\" target=\"_blank\">\n                                <img src=\"https:\/\/pts.org.pl\/wp-content\/plugins\/facebook-button-plugin\/images\/standard-facebook-ico.png\" alt=\"Fb-Button\" \/>\n                            <\/a>\n                        <\/div><div class=\"fcbkbttn_like \"><fb:like href=\"https:\/\/pts.org.pl\/en\/nagrody\/laureaci-nagrody-im-zygmunta-baumana\/\" action=\"like\" colorscheme=\"light\" layout=\"button_count\"  size=\"small\"><\/fb:like><\/div><\/div>\n<p><strong>202<\/strong>4 <\/p>\n\n\n\n<p>Maria Buko za ksi\u0105\u017ck\u0119 <strong>&#8220;Drugie pokolenie obozowe. Pami\u0119\u0107 i do\u015bwiadczenie potomk\u00f3w polskich wi\u0119\u017ani\u00f3w niemieckich nazistowskich oboz\u00f3w koncentracyjnych&#8221;<\/strong> wydan\u0105 w 2024 roku w Toruniu przez Wydawnictwo Naukowe Uniwersytetu Miko\u0142aja Kopernika w serii Monografie FNP<\/p>\n\n\n\n<hr class=\"wp-block-separator\"\/>\n\n\n\n<p><strong>2023<\/strong><\/p>\n\n\n\n<p>Katarzyna&nbsp; Kalinowska , Pawe\u0142 Kuczy\u0144ski, Izabella Bukraba-Rylska, Katarzyna Krakowska oraz Marta Sa\u0142kowska&nbsp; za ksi\u0105\u017ck\u0119 <strong>\u201cSpo\u0142ecze\u0144stwo \u0142atwopalne: Praktyki pomagania uchod\u017acom wojennym<\/strong> <strong>z Ukrainy w roku 2022 w Polsce\u201d<\/strong> Warszawa: Wydawnictwo Collegium Civitas, 2023.<\/p>\n\n\n\n<div class=\"wp-block-file\"><a href=\"https:\/\/pts.org.pl\/wp-content\/uploads\/2024\/06\/Werdykt-Jury-Nagrody-im.-Zygmunta-Baumana-2024.docx\">Werdykt-Jury-Nagrody-im.-Zygmunta-Baumana-2024<\/a><a href=\"https:\/\/pts.org.pl\/wp-content\/uploads\/2024\/06\/Werdykt-Jury-Nagrody-im.-Zygmunta-Baumana-2024.docx\" class=\"wp-block-file__button\" download>Pobierz<\/a><\/div>\n","protected":false},"excerpt":{"rendered":"<p>2024 Maria Buko za ksi\u0105\u017ck\u0119 &#8220;Drugie pokolenie obozowe. Pami\u0119\u0107 i do\u015bwiadczenie potomk\u00f3w polskich wi\u0119\u017ani\u00f3w niemieckich nazistowskich oboz\u00f3w koncentracyjnych&#8221; wydan\u0105 w 2024 roku w Toruniu przez Wydawnictwo Naukowe Uniwersytetu Miko\u0142aja Kopernika w serii Monografie FNP 2023 Katarzyna&nbsp; Kalinowska , Pawe\u0142 Kuczy\u0144ski, Izabella Bukraba-Rylska, Katarzyna Krakowska oraz Marta Sa\u0142kowska&nbsp; za ksi\u0105\u017ck\u0119 \u201cSpo\u0142ecze\u0144stwo \u0142atwopalne: Praktyki pomagania uchod\u017acom wojennym [&hellip;]<\/p>\n","protected":false},"author":111265,"featured_media":0,"parent":462,"menu_order":0,"comment_status":"closed","ping_status":"closed","template":"","meta":[],"_links":{"self":[{"href":"https:\/\/pts.org.pl\/en\/wp-json\/wp\/v2\/pages\/6986"}],"collection":[{"href":"https:\/\/pts.org.pl\/en\/wp-json\/wp\/v2\/pages"}],"about":[{"href":"https:\/\/pts.org.pl\/en\/wp-json\/wp\/v2\/types\/page"}],"author":[{"embeddable":true,"href":"https:\/\/pts.org.pl\/en\/wp-json\/wp\/v2\/users\/111265"}],"replies":[{"embeddable":true,"href":"https:\/\/pts.org.pl\/en\/wp-json\/wp\/v2\/comments?post=6986"}],"version-history":[{"count":5,"href":"https:\/\/pts.org.pl\/en\/wp-json\/wp\/v2\/pages\/6986\/revisions"}],"predecessor-version":[{"id":7685,"href":"https:\/\/pts.org.pl\/en\/wp-json\/wp\/v2\/pages\/6986\/revisions\/7685"}],"up":[{"embeddable":true,"href":"https:\/\/pts.org.pl\/en\/wp-json\/wp\/v2\/pages\/462"}],"wp:attachment":[{"href":"https:\/\/pts.org.pl\/en\/wp-json\/wp\/v2\/media?parent=6986"}],"curies":[{"name":"wp","href":"https:\/\/api.w.org\/{rel}","templated":true}]}}