{"id":165,"date":"2016-03-30T13:51:49","date_gmt":"2016-03-30T13:51:49","guid":{"rendered":"http:\/\/www.pts.org.pl\/?page_id=165"},"modified":"2026-01-08T09:06:52","modified_gmt":"2026-01-08T09:06:52","slug":"sekcja-socjologii-prawa","status":"publish","type":"page","link":"https:\/\/pts.org.pl\/en\/sekcje\/sekcja-socjologii-prawa\/","title":{"rendered":"Section of Sociology of Law"},"content":{"rendered":"<div class=\"fcbkbttn_buttons_block\" id=\"fcbkbttn_left\"><div class=\"fcbkbttn_button\">\n                            <a href=\"https:\/\/www.facebook.com\/\" target=\"_blank\">\n                                <img src=\"https:\/\/pts.org.pl\/wp-content\/plugins\/facebook-button-plugin\/images\/standard-facebook-ico.png\" alt=\"Fb-Button\" \/>\n                            <\/a>\n                        <\/div><div class=\"fcbkbttn_like \"><fb:like href=\"https:\/\/pts.org.pl\/en\/sekcje\/sekcja-socjologii-prawa\/\" action=\"like\" colorscheme=\"light\" layout=\"button_count\"  size=\"small\"><\/fb:like><\/div><\/div><p><\/p>\n<h1><span style=\"font-style: inherit;\">Conferences:<\/span><\/h1>\n<ul>\n<li style=\"font-weight: inherit; font-style: inherit;\"><b><a style=\"font-style: inherit;\" href=\"http:\/\/www.pts.org.pl\/strona\/en\/210\/the-invisible-hand-in-law-economy-and-culture\">The Invisible Hand in Law, Economy and Culture. Workshop on Spontaneous Order, Mechanisms and Unintended Consequences<\/a><\/b><span style=\"font-weight: inherit; font-style: inherit;\">, Warsaw, 9-10 May 2016<\/span><\/li>\n<li style=\"font-weight: inherit; font-style: inherit;\"><b><a style=\"font-style: inherit;\" href=\"http:\/\/www.pts.org.pl\/strona\/en\/206\/the-paradox-of-paradox\">The Paradox of Paradox? Workshop on Contradictions, Ironies and Surprises in Law, Economy and Society<\/a><\/b><span style=\"font-weight: inherit; font-style: inherit;\">, Warsaw,\u00a011-12 May 2015<\/span><\/li>\n<li style=\"font-weight: inherit; font-style: inherit;\"><b><a style=\"font-style: inherit;\" href=\"http:\/\/www.pts.org.pl\/aktualnosci\/en\/956\/from-diffusion-of-practices-to-practices-of-diffusion\">From Diffusion of Practices to Practices of Diffusion. Workshop on the Circulation of Ideas, Procedures and Regulations in Culture, Law and Economy<\/a><\/b><span style=\"font-weight: inherit; font-style: inherit;\">, Warsaw, 12-13 May 2014<\/span><\/li>\n<li style=\"font-weight: inherit; font-style: inherit;\"><b><a style=\"font-style: inherit;\" href=\"http:\/\/www.pts.org.pl\/strona\/pl\/187\/formality-and-informality\">Formality and Informality:\u00a0<\/a><\/b><span style=\"font-weight: inherit; font-style: inherit;\"><b><a style=\"font-style: inherit;\" href=\"http:\/\/www.pts.org.pl\/strona\/pl\/187\/formality-and-informality\">From Decoupling to Entanglement. Workshop on the Formal and the Informal in Law, Institutions and Economy<\/a><\/b>, Warsaw, 13-14 May 2013<\/span><\/li>\n<li style=\"font-weight: inherit; font-style: inherit;\"><b><a style=\"font-style: inherit;\" href=\"http:\/\/www.wuc.ifsid.ug.edu.pl\/?page_id=54\">Workshop on Unintended Consequences &#8211; the 75th Jubilee of a Sociological Idea,<\/a><\/b><span style=\"font-weight: inherit; font-style: inherit;\">\u00a0Gda\u0144sk, 9-10 May 2011<\/span><\/li>\n<li style=\"font-weight: inherit; font-style: inherit;\"><span style=\"font-weight: inherit; font-style: inherit;\">IVth Sociology of Law Forum \u2013 thematic group during the XIVth Polish Sociological Congress, <\/span><span style=\"font-weight: inherit; font-style: inherit;\">Krakow<\/span><span style=\"font-weight: inherit; font-style: inherit;\">, September 2010<\/span><\/li>\n<li style=\"font-weight: inherit; font-style: inherit;\"><span style=\"font-weight: inherit; font-style: inherit;\">IIIth Sociology of Law Forum, <\/span><span style=\"font-weight: inherit; font-style: inherit;\">University<\/span><span style=\"font-weight: inherit; font-style: inherit;\"> of <\/span><span style=\"font-weight: inherit; font-style: inherit;\">Rzesz\u00f3w<\/span><span style=\"font-weight: inherit; font-style: inherit;\">, Rzesz\u00f3w, November 2009<\/span><\/li>\n<li style=\"font-weight: inherit; font-style: inherit;\"><span style=\"font-weight: inherit; font-style: inherit;\">IIth Sociology of Law Forum, <\/span><span style=\"font-weight: inherit; font-style: inherit;\">University<\/span><span style=\"font-weight: inherit; font-style: inherit;\"> of <\/span><span style=\"font-weight: inherit; font-style: inherit;\">Warsaw<\/span><span style=\"font-weight: inherit; font-style: inherit;\">, <\/span><span style=\"font-weight: inherit; font-style: inherit;\">Warsaw<\/span><span style=\"font-weight: inherit; font-style: inherit;\">, November 2008<\/span><\/li>\n<li style=\"font-weight: inherit; font-style: inherit;\"><span style=\"font-weight: inherit; font-style: inherit;\">Ith Sociology of Law Forum, <\/span><span style=\"font-weight: inherit; font-style: inherit;\">University<\/span><span style=\"font-weight: inherit; font-style: inherit;\"> of <\/span><span style=\"font-weight: inherit; font-style: inherit;\">Warsaw<\/span><span style=\"font-weight: inherit; font-style: inherit;\">, <\/span><span style=\"font-weight: inherit; font-style: inherit;\">Warsaw<\/span><span style=\"font-weight: inherit; font-style: inherit;\">, November 2007<\/span><\/li>\n<\/ul>\n<h1><span style=\"font-style: inherit;\">Publications<\/span><span style=\"font-style: inherit;\">:<\/span><\/h1>\n<ul>\n<li style=\"font-weight: inherit; font-style: inherit;\">Mica, Adriana, Jan Winczorek, and Rafa\u0142 Wi\u015bniewski (eds.). <span style=\"font-weight: inherit; font-style: inherit;\">2015. <i><span style=\"font-weight: inherit;\"><b><a style=\"font-style: inherit;\" href=\"http:\/\/www.peterlang.com\/index.cfm?event=cmp.ccc.seitenstruktur.detailseiten&amp;seitentyp=produkt&amp;pk=81345&amp;cid=558&amp;concordeid=265328\">Sociologies of Formality and Informality<\/a><\/b><\/span><\/i>. Frankfurt am Main, Berlin, Bern, Bruxelles, New York, Oxford, Wien: Peter Lang.<\/span><\/li>\n<li style=\"font-weight: inherit; font-style: inherit;\"><span style=\"font-weight: inherit; font-style: inherit;\">Mica, Adriana, Arkadiusz Peisert, and Jan Winczorek (eds.). 2011.\u00a0<\/span><span style=\"font-weight: inherit; font-style: inherit;\"><b><a style=\"font-style: inherit;\" href=\"http:\/\/www.peterlang.com\/index.cfm?event=cmp.ccc.seitenstruktur.detailseiten&amp;seitentyp=produkt&amp;pk=63161&amp;concordeid=262120\"><i><span style=\"font-weight: inherit;\">Sociology and the Unintended. Robert Merton Revisited<\/span><\/i><\/a><\/b><\/span><span style=\"font-weight: inherit; font-style: inherit;\">.\u00a0<\/span><span style=\"font-weight: inherit; font-style: inherit;\">Frankfurt am Main, Berlin, Bern, Bruxelles, New York, Oxford, Warszawa, Wien: Peter Lang<\/span>\n<ul style=\"font-weight: inherit; font-style: inherit;\">\n<li style=\"font-weight: inherit; font-style: inherit;\"><span style=\"font-weight: inherit; font-style: inherit;\"><i><span style=\"font-weight: inherit;\"><b><a style=\"font-style: inherit;\" href=\"http:\/\/www.depot.ceon.pl\/bitstream\/handle\/123456789\/1242\/Unintended_Consequences_of_Institutional_Work.pdf?sequence=1\">Sample chapter<\/a><\/b><\/span><\/i>:\u00a0<\/span>Pawlak, Miko\u0142aj. &#8220;Unintended Consequences of Institutional Work&#8221;, 355-370<\/li>\n<li style=\"font-weight: inherit; font-style: inherit;\"><b><a style=\"font-style: inherit;\" href=\"http:\/\/csx.sagepub.com\/content\/43\/2\/239.extract\">Review<\/a><\/b>: Crothers, Charles. 2014. &#8220;Sociology and the Unintended: Robert Merton Revisited,&#8221;<i><span style=\"font-weight: inherit;\">Contemporary Sociology<\/span><\/i>\u00a043(2): 239-240<\/li>\n<li style=\"font-weight: inherit; font-style: inherit;\"><b><a style=\"font-style: inherit;\" href=\"http:\/\/issuu.com\/socialspacejournal\/docs\/social_space_journal_12013_5_\">Review<\/a><\/b><span style=\"font-weight: inherit; font-style: inherit;\">: Crothers, Charles. 2013. \u201eTheory from the Semi-Periphery,\u201d\u00a0<\/span><i><span style=\"font-weight: inherit;\">Przestrze\u0144 spo\u0142eczna\/Social Space\u00a0<\/span><\/i><span style=\"font-weight: inherit; font-style: inherit;\">5(1): 161-171<\/span><\/li>\n<li style=\"font-weight: inherit; font-style: inherit;\"><span style=\"font-weight: inherit; font-style: inherit;\"><b><a style=\"font-style: inherit;\" href=\"http:\/\/www.sciencedirect.com\/science\/article\/pii\/S0956522113000353\">Review<\/a><\/b>:\u00a0<\/span><span style=\"font-weight: inherit; font-style: inherit;\">Czarniawska, Barbara. 2013. \u201cSociology and the Unintended, Adriana Mica, Arkadiusz Peisert, Jan Winczorek (Eds.). Peter Lang,\u00a0<\/span><span style=\"font-weight: inherit; font-style: inherit;\">Frankfurt<\/span><span style=\"font-weight: inherit; font-style: inherit;\">\u00a0am\u00a0<\/span><span style=\"font-weight: inherit; font-style: inherit;\">Main<\/span><span style=\"font-weight: inherit; font-style: inherit;\">\u00a0(2011),\u201d\u00a0<i><span style=\"font-weight: inherit;\">Scandinavian Journal of Management <\/span><\/i><i><span style=\"font-weight: inherit;\">29(4): 405-406<\/span><\/i><\/span><\/li>\n<li style=\"font-weight: inherit; font-style: inherit;\"><b><a style=\"font-style: inherit;\" href=\"http:\/\/www.ceeol.com\/aspx\/issuedetails.aspx?issueid=829c7960-a67e-43e2-9682-17f9c0e103f1&amp;articleId=c125ba86-ee3d-4a9b-af2f-24f52036e139\">Review:<\/a><\/b><span style=\"font-weight: inherit; font-style: inherit;\"> Ko\u0142czy\u0144ska, Marta, and Ewa Jarosz. 2012. \u201cBook Review &#8211; Sociology and the Unintended. Robert Merton Revisited,\u201d\u00a0<\/span><i><span style=\"font-weight: inherit;\">Polish Sociological Review<\/span><\/i><span style=\"font-weight: inherit; font-style: inherit;\">\u00a04(180): 469-574<\/span><\/li>\n<\/ul>\n<\/li>\n<li style=\"font-weight: inherit; font-style: inherit;\"><span style=\"font-weight: inherit; font-style: inherit;\">Moczuk, Eugeniusz, and Beata Sagan (red.). 2010.\u00a0<\/span><i><span style=\"font-weight: inherit;\">III\u00a0Forum Socjolog\u00f3w Prawa &#8220;Prawo i \u0142ad spo\u0142eczny&#8221;<\/span><\/i><span style=\"font-weight: inherit; font-style: inherit;\">\u00a0(Ius et administratio &#8211; Zeszyt specjalny). Rzesz\u00f3w: Mitel<\/span><\/li>\n<li style=\"font-weight: inherit; font-style: inherit;\"><span style=\"font-weight: inherit; font-style: inherit;\">Kwa\u015bniewski, Jerzy, and Jan Winczorek (red.). 2008.\u00a0<\/span><i><span style=\"font-weight: inherit;\"><i><span style=\"font-weight: inherit;\"><b><a style=\"font-style: inherit;\" href=\"http:\/\/www.ipsir.uw.edu.pl\/\/UserFiles\/File\/PRACEKATEDRYSNDIKS\/Tom10\/idee_naukowe_adama_podgoreckiego.pdf\">Idee naukowe Adama Podg\u00f3reckiego<\/a><\/b><\/span><\/i>.<\/span><\/i><span style=\"font-weight: inherit; font-style: inherit;\">\u00a0Warszawa: IPSiR UW i PTS<\/span>\n<ul style=\"font-weight: inherit; font-style: inherit;\">\n<li style=\"font-weight: inherit; font-style: inherit;\"><b><a style=\"font-style: inherit;\" href=\"http:\/\/www.ceeol.com\/aspx\/authordetails.aspx?authorid=d453b026-0d2f-4fdf-accf-179da23ae7b0\">Review:<\/a><\/b><span style=\"font-weight: inherit; font-style: inherit;\"> Konieczna, Anna, i Anna Krajewsja.\u00a0<\/span><span style=\"font-weight: inherit; font-style: inherit;\">2009. &#8220;Adam Podg\u00f3recki&#8217;s Scientific Ideas &#8211; A Review,&#8221;\u00a0<i><span style=\"font-weight: inherit;\">Societas Communitas<\/span><\/i>\u00a01(7): 293-297.<\/span><\/li>\n<\/ul>\n<\/li>\n<\/ul>\n<p style=\"font-weight: inherit; font-style: inherit;\">\n<p style=\"font-weight: inherit; font-style: inherit;\">\n<h1><span style=\"font-style: inherit;\">Board (elected 3 December 2012):<\/span><\/h1>\n<ul>\n<li style=\"font-weight: inherit; font-style: inherit;\">Anna Krajewska (Institute of Applied Social Sciences, University of Warsaw) &#8211; chairperson (anna.krajewska@uw.edu.pl)<\/li>\n<li style=\"font-weight: inherit; font-style: inherit;\"><span style=\"font-weight: inherit; font-style: inherit;\"><b><a style=\"font-style: inherit;\" href=\"http:\/\/adrianamica.bio.uw.edu.pl\/\">Adriana Mica<\/a><\/b> (Institute of Applied Social Sciences, University of Warsaw) &#8211;\u00a0deputy chairperson<\/span><\/li>\n<li style=\"font-weight: inherit; font-style: inherit;\"><span style=\"font-weight: inherit; font-style: inherit;\">Jolanta Arcimowicz (Institute of Applied Social Sciences, University of Warsaw) &#8211; board member<\/span><\/li>\n<li style=\"font-weight: inherit; font-style: inherit;\"><span style=\"font-weight: inherit; font-style: inherit;\">Hanna D\u0119bska (Pedagogical University of Cracow; Institute for Social Studies, University of Warsaw) &#8211; board member<\/span><\/li>\n<li style=\"font-weight: inherit; font-style: inherit;\"><span style=\"font-weight: inherit; font-style: inherit;\">Kaja Gadowska (Jagiellonian University in Cracow)<\/span><\/li>\n<li style=\"font-weight: inherit; font-style: inherit;\">Pawe\u0142 Maranowski (Institute of Political Studies, Polish Academy of Sciences) &#8211; board member<\/li>\n<li style=\"font-weight: inherit; font-style: inherit;\">Krzysztof Motyka (John Paul II Catholic University of Lublin) &#8211; board member<\/li>\n<li style=\"font-weight: inherit; font-style: inherit;\"><span style=\"font-weight: inherit; font-style: inherit;\"><b><a style=\"font-style: inherit;\" href=\"http:\/\/www.janwin.info\/moodle\/\">Jan Winczorek<\/a><\/b> (Faculty of Law and Administration, University of Warsaw) &#8211; board member<\/span><\/li>\n<\/ul>\n<p><\/p>","protected":false},"excerpt":{"rendered":"<p>Conferences: The Invisible Hand in Law, Economy and Culture. Workshop on Spontaneous Order, Mechanisms and Unintended Consequences, Warsaw, 9-10 May 2016 The Paradox of Paradox? Workshop on Contradictions, Ironies and Surprises in Law, Economy and Society, Warsaw,\u00a011-12 May 2015 From Diffusion of Practices to Practices of Diffusion. Workshop on the Circulation of Ideas, Procedures and [&hellip;]<\/p>\n","protected":false},"author":7,"featured_media":4436,"parent":15,"menu_order":0,"comment_status":"closed","ping_status":"closed","template":"page-sspr.php","meta":[],"_links":{"self":[{"href":"https:\/\/pts.org.pl\/en\/wp-json\/wp\/v2\/pages\/165"}],"collection":[{"href":"https:\/\/pts.org.pl\/en\/wp-json\/wp\/v2\/pages"}],"about":[{"href":"https:\/\/pts.org.pl\/en\/wp-json\/wp\/v2\/types\/page"}],"author":[{"embeddable":true,"href":"https:\/\/pts.org.pl\/en\/wp-json\/wp\/v2\/users\/7"}],"replies":[{"embeddable":true,"href":"https:\/\/pts.org.pl\/en\/wp-json\/wp\/v2\/comments?post=165"}],"version-history":[{"count":81,"href":"https:\/\/pts.org.pl\/en\/wp-json\/wp\/v2\/pages\/165\/revisions"}],"predecessor-version":[{"id":7892,"href":"https:\/\/pts.org.pl\/en\/wp-json\/wp\/v2\/pages\/165\/revisions\/7892"}],"up":[{"embeddable":true,"href":"https:\/\/pts.org.pl\/en\/wp-json\/wp\/v2\/pages\/15"}],"wp:featuredmedia":[{"embeddable":true,"href":"https:\/\/pts.org.pl\/en\/wp-json\/wp\/v2\/media\/4436"}],"wp:attachment":[{"href":"https:\/\/pts.org.pl\/en\/wp-json\/wp\/v2\/media?parent=165"}],"curies":[{"name":"wp","href":"https:\/\/api.w.org\/{rel}","templated":true}]}}